{"id":9068,"date":"2023-11-18T17:26:04","date_gmt":"2023-11-18T16:26:04","guid":{"rendered":"https:\/\/www.lesjardinsdelaroussiere.fr\/?page_id=9068"},"modified":"2025-11-23T14:34:24","modified_gmt":"2025-11-23T13:34:24","slug":"les-graines-et-farines","status":"publish","type":"page","link":"https:\/\/www.lesjardinsdelaroussiere.fr\/?page_id=9068","title":{"rendered":"Les graines et farines"},"content":{"rendered":"<p>Fran\u00e7ois Boissinot a rejoint notre AMAP en septembre 2023. Il propose diff\u00e9rentes farines, graines et l\u00e9gumes secs, ainsi que des conserves.<\/p>\n<p><img decoding=\"async\" class=\"aligncenter\" src=\"http:\/\/lesjardinsdelaroussiere.fr\/wp-content\/uploads\/2023\/11\/grains-des-loges-2.jpg\" \/><\/p>\n<p>Sa ferme <a href=\"https:\/\/www.facebook.com\/grainsdesloges\/\" target=\"_blank\" rel=\"noopener\">Grains des Loges<\/a> est situ\u00e9e au Lion d&rsquo;Angers, lieu-dit Les Loges.<\/p>\n<p><a href=\"https:\/\/www.facebook.com\/grainsdesloges\/\"><img decoding=\"async\" loading=\"lazy\" class=\"aligncenter wp-image-9072 size-full\" src=\"http:\/\/lesjardinsdelaroussiere.fr\/wp-content\/uploads\/2023\/11\/grains-des-loges-e1700412103533.png\" alt=\"\" width=\"100\" height=\"100\" \/><\/a>Fran\u00e7ois est un jeune agriculteur install\u00e9 depuis 2021 sur une ferme \u00e0 taille humaine en Agriculture Biologique. Sur la ferme Grains des Loges, vous trouverez une grande diversit\u00e9 de cultures pour l&rsquo;alimentation humaine (c\u00e9r\u00e9ales, l\u00e9gumes secs, ol\u00e9agineux&#8230;). Fran\u00e7ois cultive dans le respect du cahier des charges de l&rsquo;AB, avec une couverture maximale des sols et en maximisant la biodiversit\u00e9. Toute la production est tri\u00e9e puis stock\u00e9e sur la ferme. Les c\u00e9r\u00e9ales sont transform\u00e9es en farine \u00e0 la ferme sur un moulin \u00e0 meules de pierre.<\/p>\n<p>2 gammes de produits sont propos\u00e9es :<\/p>\n<p>&#8211; <strong>GRAINES<\/strong> : lentilles vertes-blondes-corail, pois chiche, pois cass\u00e9, sarrasin d\u00e9cortiqu\u00e9, tournesol d\u00e9cortiqu\u00e9, haricots secs blancs et rouges<\/p>\n<p>&#8211; <strong>FARINES<\/strong> : bl\u00e9 tendre T65-T80-T110, seigle, petit-\u00e9peautre, sarrasin<\/p>\n<p>ainsi que la <strong>semoule fine de bl\u00e9<\/strong>, des <strong>conserves<\/strong> de pois chiches, haricots blancs et haricots rouges, et des <strong>sacs d&rsquo;aliments pour les volailles<\/strong> (m\u00e9lange bl\u00e9, tournesol, pois).<\/p>\n<p>D\u00e9couvrir le contrat : <a href=\"http:\/\/lesjardinsdelaroussiere.fr\/wp-content\/uploads\/2025\/11\/Contrat-Graines-et-Farines-AMAP-M-J-2026-v4-1.pdf\" target=\"_blank\" rel=\"noopener\">produits, tarifs et dates de livraison<\/a><\/p>\n<table style=\"width: 100%;\" border=\"0\" cellspacing=\"0\" cellpadding=\"0\">\n<tbody>\n<tr>\n<td style=\"width: 46.4041%;\" colspan=\"2\" width=\"160\" height=\"20\"><strong>Contrat Producteur :<\/strong><\/td>\n<td style=\"width: 53.4247%;\" colspan=\"2\" width=\"160\"><strong>Contact personne r\u00e9f\u00e9rente :<\/strong><\/td>\n<\/tr>\n<tr>\n<td style=\"width: 27.911%;\" height=\"20\"><\/td>\n<td style=\"width: 18.4931%;\"><\/td>\n<td style=\"width: 50.8562%;\"><\/td>\n<td style=\"width: 2.56849%;\"><\/td>\n<\/tr>\n<tr>\n<td style=\"width: 46.4041%;\" colspan=\"2\" height=\"20\">Fran\u00e7ois Boissinot<strong><br \/>\n<\/strong><\/td>\n<td style=\"width: 50.8562%;\">Nathalie Feidt<\/td>\n<td style=\"width: 2.56849%;\"><\/td>\n<\/tr>\n<tr>\n<td style=\"width: 27.911%;\" height=\"20\"><\/td>\n<td style=\"width: 18.4931%;\"><\/td>\n<td style=\"width: 50.8562%;\"><\/td>\n<td style=\"width: 2.56849%;\"><\/td>\n<\/tr>\n<tr>\n<td style=\"width: 46.4041%;\" colspan=\"2\" height=\"20\">Le Lion d&rsquo;Angers<\/td>\n<td style=\"width: 50.8562%;\">\u00a0Montreuil-Juign\u00e9<\/td>\n<td style=\"width: 2.56849%;\"><\/td>\n<\/tr>\n<tr>\n<td style=\"width: 46.4041%;\" colspan=\"2\" height=\"20\"><a href=\"mailto:contact@grainsdesloges.fr\" target=\"_blank\" rel=\"noopener\">contact@grainsdesloges.fr<\/a><\/td>\n<td style=\"width: 50.8562%;\"><a href=\"mailto:nfeidt-amap-mj@laposte.net\" target=\"_blank\" rel=\"noopener\">nfeidt-amap-mj@laposte.net<\/a><\/td>\n<\/tr>\n<\/tbody>\n<\/table>\n","protected":false},"excerpt":{"rendered":"<p>Fran\u00e7ois Boissinot a rejoint notre AMAP en septembre 2023. Il propose diff\u00e9rentes farines, graines et l\u00e9gumes secs, ainsi que des conserves. Sa ferme Grains des Loges est situ\u00e9e au Lion d&rsquo;Angers, lieu-dit Les Loges. Fran\u00e7ois est un jeune agriculteur install\u00e9 &hellip; <a href=\"https:\/\/www.lesjardinsdelaroussiere.fr\/?page_id=9068\">Continuer la lecture <span class=\"meta-nav\">&rarr;<\/span><\/a><\/p>\n","protected":false},"author":1,"featured_media":0,"parent":145,"menu_order":2,"comment_status":"closed","ping_status":"closed","template":"","meta":[],"_links":{"self":[{"href":"https:\/\/www.lesjardinsdelaroussiere.fr\/index.php?rest_route=\/wp\/v2\/pages\/9068"}],"collection":[{"href":"https:\/\/www.lesjardinsdelaroussiere.fr\/index.php?rest_route=\/wp\/v2\/pages"}],"about":[{"href":"https:\/\/www.lesjardinsdelaroussiere.fr\/index.php?rest_route=\/wp\/v2\/types\/page"}],"author":[{"embeddable":true,"href":"https:\/\/www.lesjardinsdelaroussiere.fr\/index.php?rest_route=\/wp\/v2\/users\/1"}],"replies":[{"embeddable":true,"href":"https:\/\/www.lesjardinsdelaroussiere.fr\/index.php?rest_route=%2Fwp%2Fv2%2Fcomments&post=9068"}],"version-history":[{"count":29,"href":"https:\/\/www.lesjardinsdelaroussiere.fr\/index.php?rest_route=\/wp\/v2\/pages\/9068\/revisions"}],"predecessor-version":[{"id":9492,"href":"https:\/\/www.lesjardinsdelaroussiere.fr\/index.php?rest_route=\/wp\/v2\/pages\/9068\/revisions\/9492"}],"up":[{"embeddable":true,"href":"https:\/\/www.lesjardinsdelaroussiere.fr\/index.php?rest_route=\/wp\/v2\/pages\/145"}],"wp:attachment":[{"href":"https:\/\/www.lesjardinsdelaroussiere.fr\/index.php?rest_route=%2Fwp%2Fv2%2Fmedia&parent=9068"}],"curies":[{"name":"wp","href":"https:\/\/api.w.org\/{rel}","templated":true}]}}