{"id":730,"date":"2011-12-07T21:34:57","date_gmt":"2011-12-07T20:34:57","guid":{"rendered":"http:\/\/www.lesjardinsdelaroussiere.fr\/?page_id=730"},"modified":"2025-11-17T18:56:53","modified_gmt":"2025-11-17T17:56:53","slug":"les-noix","status":"publish","type":"page","link":"https:\/\/www.lesjardinsdelaroussiere.fr\/?page_id=730","title":{"rendered":"Le pain et les p\u00e2tes"},"content":{"rendered":"<p>&nbsp;<\/p>\n<p align=\"center\"><strong>Franck PERRAULT<\/strong><\/p>\n<p><span style=\"color: #ffffff;\"><strong><span style=\"background-color: #c0c0c0;\">Lieu de production : SAINT-AUBIN-DE-LUIGNE (49) :<br \/>\n<\/span><\/strong><\/span><\/p>\n<p><a href=\"http:\/\/www.lesjardinsdelaroussiere.fr\/?attachment_id=8699\" rel=\"attachment wp-att-8699\"><img decoding=\"async\" loading=\"lazy\" class=\"aligncenter size-full wp-image-8699\" src=\"http:\/\/lesjardinsdelaroussiere.fr\/wp-content\/uploads\/2021\/01\/CArte_Saint-Aubin-De-Luigne.jpg\" alt=\"\" width=\"350\" height=\"351\" srcset=\"http:\/\/lesjardinsdelaroussiere.fr\/wp-content\/uploads\/2021\/01\/CArte_Saint-Aubin-De-Luigne.jpg 350w, http:\/\/lesjardinsdelaroussiere.fr\/wp-content\/uploads\/2021\/01\/CArte_Saint-Aubin-De-Luigne-300x300.jpg 300w, http:\/\/lesjardinsdelaroussiere.fr\/wp-content\/uploads\/2021\/01\/CArte_Saint-Aubin-De-Luigne-150x150.jpg 150w, http:\/\/lesjardinsdelaroussiere.fr\/wp-content\/uploads\/2021\/01\/CArte_Saint-Aubin-De-Luigne-299x300.jpg 299w\" sizes=\"(max-width: 350px) 100vw, 350px\" \/><\/a><\/p>\n<p>&nbsp;<\/p>\n<p><span style=\"background-color: #c0c0c0; color: #ffffff;\"><strong>Pr\u00e9sentation exploitation :<br \/>\n<\/strong><\/span><\/p>\n<p style=\"text-align: justify;\"><a href=\"http:\/\/www.lesjardinsdelaroussiere.fr\/?attachment_id=8671\" rel=\"attachment wp-att-8671\"><img decoding=\"async\" loading=\"lazy\" class=\"wp-image-8671 size-medium alignleft\" src=\"http:\/\/lesjardinsdelaroussiere.fr\/wp-content\/uploads\/2020\/12\/Franck_Perrault_devant_son_four_Ouest_France_Decembre_2020-300x225.jpg\" alt=\"\" width=\"300\" height=\"225\" srcset=\"http:\/\/lesjardinsdelaroussiere.fr\/wp-content\/uploads\/2020\/12\/Franck_Perrault_devant_son_four_Ouest_France_Decembre_2020-300x225.jpg 300w, http:\/\/lesjardinsdelaroussiere.fr\/wp-content\/uploads\/2020\/12\/Franck_Perrault_devant_son_four_Ouest_France_Decembre_2020-400x300.jpg 400w, http:\/\/lesjardinsdelaroussiere.fr\/wp-content\/uploads\/2020\/12\/Franck_Perrault_devant_son_four_Ouest_France_Decembre_2020.jpg 500w\" sizes=\"(max-width: 300px) 100vw, 300px\" \/><\/a>Franck PERRAULT, paysan boulanger depuis plus d&rsquo;une dizaine d&rsquo;ann\u00e9e, est install\u00e9 \u00e0 Saint-Aubin-De-Luign\u00e9 o\u00f9 il cultive environ 12 ha de c\u00e9r\u00e9ales, petits et grands \u00e9peautre, bl\u00e9 tendre et dur, seigle, sarrasin.<\/p>\n<p style=\"text-align: justify;\">Historien de nature, il est venu sur le tard au m\u00e9tier de la boulangerie, il a pass\u00e9 quelque temps au Qu\u00e9bec avant de revenir en France et de se lancer dans l&rsquo;aventure de l&rsquo;agriculture biologique.<\/p>\n<p style=\"text-align: justify;\">Le bl\u00e9 tendre qu&rsquo;il fait pousser lui permet de nous proposer une grande richesse de pains accompagn\u00e9s ou non de graines, fruits et chocolat, de m\u00eame le seigle, le sarrasin et l&rsquo;\u00e9peautre, mais \u00e9galement des pates tr\u00e8s vari\u00e9es telles que spaghettis, tagliatelles, lasagnes, etc. !<\/p>\n<p style=\"text-align: justify;\">Dans sa logique de relocalisation enfin, il utilise \u00e9galement du seigle de pluvignier dont la paille peut-\u00eatre utilis\u00e9e pour faire des toits de chaumes.<\/p>\n<p><span style=\"background-color: #c0c0c0; color: #ffffff;\"><strong>Contrat pains et p\u00e2tes :<br \/>\n<\/strong><\/span><\/p>\n<p style=\"text-align: justify;\">Son contrat pain propose du pain de froment, de m\u00e9teil (1\/2 froment, 1\/2 seigle), du pain brioch\u00e9, du pain sp\u00e9cial m\u00e9langeant des graines, des fruits secs selon son humeur !<\/p>\n<p>Les distributions ont lieu toutes les semaines et le contrat a une dur\u00e9e de 6 mois.<\/p>\n<p>D\u00e9couvrir les contrats :<\/p>\n<p><a href=\"http:\/\/lesjardinsdelaroussiere.fr\/wp-content\/uploads\/2025\/11\/Contrat-Pain-nov2025-avril2026.pdf\" target=\"_blank\" rel=\"noopener\">Contrat pain : produits, tarifs et dates de livraison<\/a><\/p>\n<p><a href=\"http:\/\/lesjardinsdelaroussiere.fr\/wp-content\/uploads\/2025\/11\/Contrat-Pates-nov2025-avril2026.pdf\" target=\"_blank\" rel=\"noopener\">Contrat p\u00e2tes : produits, tarifs et dates de livraison<\/a><\/p>\n<table style=\"width: 103.725%; height: 291px;\" border=\"0\" cellspacing=\"0\" cellpadding=\"0\">\n<colgroup>\n<col span=\"5\" width=\"80\" \/> <\/colgroup>\n<tbody>\n<tr style=\"height: 51px;\">\n<td style=\"height: 51px; width: 55.8153%;\" colspan=\"2\" width=\"160\" height=\"20\"><strong>Contrat Producteur :<\/strong><\/td>\n<td style=\"height: 51px; width: 45.6783%;\" colspan=\"2\" width=\"80\">\u00a0<strong>Contact personne r\u00e9f\u00e9rente :<\/strong><\/td>\n<\/tr>\n<tr style=\"height: 24px;\">\n<td style=\"height: 24px; width: 21.8876%;\" height=\"20\"><\/td>\n<td style=\"height: 24px; width: 33.9277%;\"><\/td>\n<td style=\"height: 24px; width: 4.22481%;\"><\/td>\n<td style=\"height: 24px; width: 41.4535%;\"><\/td>\n<\/tr>\n<tr style=\"height: 24px;\">\n<td style=\"height: 24px; width: 55.8153%;\" colspan=\"2\" height=\"20\"><span style=\"color: #ff6600;\"><strong>Franck PERRAULT<\/strong><\/span><\/td>\n<td style=\"height: 24px; width: 4.22481%;\"><\/td>\n<td style=\"height: 24px; width: 41.4535%;\">Lydie BOUSSEAU<\/td>\n<\/tr>\n<tr style=\"height: 48px;\">\n<td style=\"height: 48px; width: 21.8876%;\" height=\"20\">La Chauvetterie<\/td>\n<td style=\"height: 48px; width: 33.9277%;\"><\/td>\n<td style=\"height: 48px; width: 4.22481%;\"><\/td>\n<td style=\"height: 48px; width: 41.4535%;\"><\/td>\n<\/tr>\n<tr style=\"height: 48px;\">\n<td style=\"height: 48px; width: 55.8153%;\" colspan=\"2\" height=\"20\">49190 SAINT-AUBIN-DE-LUIGNE<\/td>\n<td style=\"height: 48px; width: 4.22481%;\"><\/td>\n<td style=\"height: 48px; width: 41.4535%;\"><\/td>\n<\/tr>\n<tr style=\"height: 24px;\">\n<td style=\"height: 24px; width: 55.8153%;\" colspan=\"2\" height=\"20\">T\u00e9l. : 06 41 80 96 48<\/td>\n<td style=\"height: 24px; width: 4.22481%;\"><\/td>\n<td style=\"height: 24px; width: 41.4535%;\">06 78 88 90 15<\/td>\n<\/tr>\n<tr style=\"height: 24px;\">\n<td style=\"height: 24px; width: 21.8876%;\" height=\"20\"><\/td>\n<td style=\"height: 24px; width: 33.9277%;\"><\/td>\n<td style=\"height: 24px; width: 4.22481%;\"><\/td>\n<td style=\"height: 24px; width: 41.4535%;\"><\/td>\n<\/tr>\n<tr style=\"height: 48px;\">\n<td style=\"height: 48px; width: 55.8153%;\" colspan=\"2\" height=\"20\">Email : <a href=\"mailto:cabanapain@gmail.com\">cabanapain@gmail.com<\/a><\/td>\n<td style=\"height: 48px; width: 45.6783%;\" colspan=\"2\">\u00a0Email : <a href=\"mailto:lydie.bousseau@gmail.com\" target=\"_blank\" rel=\"noopener\">lydie.bousseau@gmail.com<\/a><\/td>\n<\/tr>\n<\/tbody>\n<\/table>\n","protected":false},"excerpt":{"rendered":"<p>&nbsp; Franck PERRAULT Lieu de production : SAINT-AUBIN-DE-LUIGNE (49) : &nbsp; Pr\u00e9sentation exploitation : Franck PERRAULT, paysan boulanger depuis plus d&rsquo;une dizaine d&rsquo;ann\u00e9e, est install\u00e9 \u00e0 Saint-Aubin-De-Luign\u00e9 o\u00f9 il cultive environ 12 ha de c\u00e9r\u00e9ales, petits et grands \u00e9peautre, bl\u00e9 &hellip; <a href=\"https:\/\/www.lesjardinsdelaroussiere.fr\/?page_id=730\">Continuer la lecture <span class=\"meta-nav\">&rarr;<\/span><\/a><\/p>\n","protected":false},"author":3,"featured_media":0,"parent":145,"menu_order":6,"comment_status":"closed","ping_status":"closed","template":"","meta":[],"_links":{"self":[{"href":"https:\/\/www.lesjardinsdelaroussiere.fr\/index.php?rest_route=\/wp\/v2\/pages\/730"}],"collection":[{"href":"https:\/\/www.lesjardinsdelaroussiere.fr\/index.php?rest_route=\/wp\/v2\/pages"}],"about":[{"href":"https:\/\/www.lesjardinsdelaroussiere.fr\/index.php?rest_route=\/wp\/v2\/types\/page"}],"author":[{"embeddable":true,"href":"https:\/\/www.lesjardinsdelaroussiere.fr\/index.php?rest_route=\/wp\/v2\/users\/3"}],"replies":[{"embeddable":true,"href":"https:\/\/www.lesjardinsdelaroussiere.fr\/index.php?rest_route=%2Fwp%2Fv2%2Fcomments&post=730"}],"version-history":[{"count":33,"href":"https:\/\/www.lesjardinsdelaroussiere.fr\/index.php?rest_route=\/wp\/v2\/pages\/730\/revisions"}],"predecessor-version":[{"id":9480,"href":"https:\/\/www.lesjardinsdelaroussiere.fr\/index.php?rest_route=\/wp\/v2\/pages\/730\/revisions\/9480"}],"up":[{"embeddable":true,"href":"https:\/\/www.lesjardinsdelaroussiere.fr\/index.php?rest_route=\/wp\/v2\/pages\/145"}],"wp:attachment":[{"href":"https:\/\/www.lesjardinsdelaroussiere.fr\/index.php?rest_route=%2Fwp%2Fv2%2Fmedia&parent=730"}],"curies":[{"name":"wp","href":"https:\/\/api.w.org\/{rel}","templated":true}]}}