{"id":145,"date":"2010-05-17T12:29:36","date_gmt":"2010-05-17T10:29:36","guid":{"rendered":"http:\/\/localhost\/wordpress\/?page_id=145"},"modified":"2025-05-20T16:57:42","modified_gmt":"2025-05-20T14:57:42","slug":"les-producteurs","status":"publish","type":"page","link":"https:\/\/www.lesjardinsdelaroussiere.fr\/?page_id=145","title":{"rendered":"Produits"},"content":{"rendered":"<div>L&rsquo;AMAP des Jardins de la Roussi\u00e8re propose diff\u00e9rents contrats sur une diversit\u00e9 de produits issus de l&rsquo;agriculture biologique, fournis par des producteurs install\u00e9s aux alentours de Montreuil-Juign\u00e9.<\/div>\n<div><span style=\"color: #ffffff;\">A\u00a0<\/span><\/div>\n<div><\/div>\n<ul>\n<li style=\"list-style-type: none;\">\n<ul>\n<li><span style=\"color: #000000;\"><strong><strong><a href=\"https:\/\/www.lesjardinsdelaroussiere.fr\/?page_id=571\" target=\"_blank\" rel=\"noopener\">L\u00e9gumes \u00a0 \u00a0 \u00a0 \u00a0 \u00a0 \u00a0 \u00a0 \u00a0 \u00a0 \u00a0 \u00a0 \u00a0 \u00a0 \u00a0 \u00a0 \u00a0 \u00a0 \u00a0 \u00a0 \u00a0 \u00a0 \u00a0 \u00a0 \u00a0\u00a0 <\/a><\/strong><\/strong><\/span>\u00a0Thomas CHESNEAU<span style=\"color: #000000;\"><strong><span style=\"color: #ff6600;\"><br \/>\n<\/span><\/strong><\/span><\/li>\n<li><a href=\"https:\/\/www.lesjardinsdelaroussiere.fr\/?page_id=9068\" target=\"_blank\" rel=\"noopener\"><strong>Graines et farines<\/strong><\/a> \u00a0\u00a0\u00a0\u00a0\u00a0\u00a0\u00a0\u00a0\u00a0\u00a0\u00a0\u00a0\u00a0\u00a0\u00a0\u00a0\u00a0\u00a0\u00a0\u00a0\u00a0\u00a0\u00a0\u00a0\u00a0\u00a0\u00a0\u00a0\u00a0\u00a0\u00a0\u00a0\u00a0\u00a0 Fran\u00e7ois BOISSINOT<\/li>\n<li><a href=\"http:\/\/www.lesjardinsdelaroussiere.fr\/?page_id=9139\" target=\"_blank\" rel=\"noopener\"><strong>Champignons<\/strong><\/a> \u00a0\u00a0\u00a0\u00a0\u00a0\u00a0\u00a0\u00a0\u00a0\u00a0\u00a0\u00a0\u00a0\u00a0\u00a0\u00a0\u00a0\u00a0\u00a0\u00a0\u00a0\u00a0\u00a0\u00a0\u00a0\u00a0\u00a0\u00a0\u00a0\u00a0\u00a0\u00a0\u00a0\u00a0\u00a0\u00a0\u00a0\u00a0\u00a0\u00a0\u00a0 Fabien PERRAULT<\/li>\n<li><span style=\"color: #000000;\"><strong><a href=\"https:\/\/www.lesjardinsdelaroussiere.fr\/?page_id=578\" target=\"_blank\" rel=\"noopener\">Petits fruits, pommes et \u0153ufs<\/a><\/strong><\/span> \u00a0\u00a0\u00a0\u00a0\u00a0\u00a0\u00a0\u00a0\u00a0\u00a0 \u00a0\u00a0 Quentin OGER<span style=\"color: #000000;\"><strong><span style=\"color: #ff6600;\"><br \/>\n<\/span><\/strong><\/span><\/li>\n<li><a href=\"https:\/\/www.lesjardinsdelaroussiere.fr\/?page_id=5458\" target=\"_blank\" rel=\"noopener\"><strong>Miel\u00a0 \u00a0<\/strong> \u00a0 \u00a0 \u00a0 \u00a0 \u00a0 \u00a0 \u00a0 \u00a0 \u00a0 \u00a0 \u00a0 \u00a0 \u00a0 \u00a0 \u00a0 \u00a0 \u00a0 \u00a0 \u00a0 \u00a0 \u00a0 \u00a0 \u00a0 \u00a0<\/a> \u00a0 \u00a0 \u00a0\u00a0 Jacky BOUNAUDET<\/li>\n<li><span style=\"color: #000000;\"><strong><a href=\"https:\/\/www.lesjardinsdelaroussiere.fr\/?page_id=582\" target=\"_blank\" rel=\"noopener\">Volailles<\/a><\/strong><\/span> \u00a0\u00a0\u00a0\u00a0\u00a0\u00a0\u00a0\u00a0\u00a0\u00a0\u00a0\u00a0\u00a0\u00a0\u00a0\u00a0\u00a0\u00a0\u00a0\u00a0\u00a0\u00a0\u00a0\u00a0\u00a0\u00a0\u00a0\u00a0\u00a0\u00a0\u00a0\u00a0\u00a0\u00a0\u00a0\u00a0\u00a0\u00a0\u00a0\u00a0\u00a0\u00a0\u00a0\u00a0\u00a0\u00a0\u00a0 \u00a0\u00a0 Axel TESSIER<\/li>\n<li><span style=\"color: #000000;\"><span style=\"color: #000000;\"><strong><a href=\"https:\/\/www.lesjardinsdelaroussiere.fr\/?page_id=739\" target=\"_blank\" rel=\"noopener\">Viande de b\u0153uf<\/a><\/strong><\/span><\/span> \u00a0\u00a0\u00a0\u00a0\u00a0\u00a0\u00a0\u00a0\u00a0\u00a0\u00a0\u00a0\u00a0\u00a0\u00a0\u00a0\u00a0\u00a0\u00a0\u00a0\u00a0\u00a0\u00a0\u00a0\u00a0\u00a0\u00a0\u00a0\u00a0\u00a0\u00a0\u00a0\u00a0\u00a0 \u00a0\u00a0 Isabelle BRISSET<\/li>\n<li><strong><a href=\"https:\/\/www.lesjardinsdelaroussiere.fr\/?page_id=8903\" target=\"_blank\" rel=\"noopener\">Viande de porc et agneau<\/a><\/strong>\u00a0\u00a0\u00a0\u00a0\u00a0\u00a0\u00a0\u00a0\u00a0\u00a0\u00a0\u00a0\u00a0\u00a0\u00a0 \u00a0\u00a0\u00a0\u00a0 Aur\u00e9lie MARSAIS<strong><span style=\"color: #000000;\"><span style=\"color: #000000;\"><span style=\"color: #ff6600;\"><br \/>\n<\/span><\/span><\/span><\/strong><\/li>\n<li><strong><a href=\"https:\/\/www.lesjardinsdelaroussiere.fr\/?page_id=730\" target=\"_blank\" rel=\"noopener\">Pain et p\u00e2tes<\/a><\/strong> \u00a0\u00a0\u00a0\u00a0\u00a0\u00a0\u00a0\u00a0\u00a0\u00a0\u00a0\u00a0\u00a0\u00a0\u00a0\u00a0\u00a0\u00a0\u00a0\u00a0\u00a0\u00a0\u00a0\u00a0\u00a0\u00a0\u00a0\u00a0\u00a0\u00a0\u00a0\u00a0\u00a0\u00a0\u00a0\u00a0 \u00a0\u00a0\u00a0\u00a0 Franck PERRAULT<\/li>\n<li><strong><a href=\"https:\/\/www.lesjardinsdelaroussiere.fr\/?page_id=8702\" target=\"_blank\" rel=\"noopener\">Produits laitiers de\u00a0 vache<\/a> \u00a0 \u00a0 \u00a0 \u00a0 \u00a0 \u00a0 \u00a0 \u00a0 \u00a0 <\/strong>J\u00e9r\u00f4me COCHARD<\/li>\n<li><strong><a href=\"https:\/\/www.lesjardinsdelaroussiere.fr\/?page_id=585\" target=\"_blank\" rel=\"noopener\">Produits laitiers de brebis\u00a0<\/a><\/strong> \u00a0\u00a0 \u00a0 \u00a0 \u00a0 \u00a0 \u00a0 \u00a0\u00a0 \u00a0 Isabelle BRISSET<\/li>\n<\/ul>\n<\/li>\n<\/ul>\n","protected":false},"excerpt":{"rendered":"<p>L&rsquo;AMAP des Jardins de la Roussi\u00e8re propose diff\u00e9rents contrats sur une diversit\u00e9 de produits issus de l&rsquo;agriculture biologique, fournis par des producteurs install\u00e9s aux alentours de Montreuil-Juign\u00e9. A\u00a0 L\u00e9gumes \u00a0 \u00a0 \u00a0 \u00a0 \u00a0 \u00a0 \u00a0 \u00a0 \u00a0 \u00a0 \u00a0 &hellip; <a href=\"https:\/\/www.lesjardinsdelaroussiere.fr\/?page_id=145\">Continuer la lecture <span class=\"meta-nav\">&rarr;<\/span><\/a><\/p>\n","protected":false},"author":1,"featured_media":0,"parent":0,"menu_order":1,"comment_status":"closed","ping_status":"closed","template":"","meta":[],"_links":{"self":[{"href":"https:\/\/www.lesjardinsdelaroussiere.fr\/index.php?rest_route=\/wp\/v2\/pages\/145"}],"collection":[{"href":"https:\/\/www.lesjardinsdelaroussiere.fr\/index.php?rest_route=\/wp\/v2\/pages"}],"about":[{"href":"https:\/\/www.lesjardinsdelaroussiere.fr\/index.php?rest_route=\/wp\/v2\/types\/page"}],"author":[{"embeddable":true,"href":"https:\/\/www.lesjardinsdelaroussiere.fr\/index.php?rest_route=\/wp\/v2\/users\/1"}],"replies":[{"embeddable":true,"href":"https:\/\/www.lesjardinsdelaroussiere.fr\/index.php?rest_route=%2Fwp%2Fv2%2Fcomments&post=145"}],"version-history":[{"count":47,"href":"https:\/\/www.lesjardinsdelaroussiere.fr\/index.php?rest_route=\/wp\/v2\/pages\/145\/revisions"}],"predecessor-version":[{"id":9427,"href":"https:\/\/www.lesjardinsdelaroussiere.fr\/index.php?rest_route=\/wp\/v2\/pages\/145\/revisions\/9427"}],"wp:attachment":[{"href":"https:\/\/www.lesjardinsdelaroussiere.fr\/index.php?rest_route=%2Fwp%2Fv2%2Fmedia&parent=145"}],"curies":[{"name":"wp","href":"https:\/\/api.w.org\/{rel}","templated":true}]}}